{"id":26,"date":"2018-11-04T21:22:28","date_gmt":"2018-11-04T21:22:28","guid":{"rendered":"http:\/\/viarnet.org\/?page_id=26"},"modified":"2026-04-04T16:11:15","modified_gmt":"2026-04-04T14:11:15","slug":"la-familia-una-pieza-clave","status":"publish","type":"page","link":"https:\/\/viarnet.org\/index.php\/la-familia-una-pieza-clave\/","title":{"rendered":"La familia, una pieza clave"},"content":{"rendered":"<div id=\"pl-26\"  class=\"panel-layout\" ><div id=\"pg-26-0\"  class=\"panel-grid panel-has-style\" ><div class=\"siteorigin-panels-stretch panel-row-style panel-row-style-for-26-0\" data-stretch-type=\"full-width-stretch\" ><div id=\"pgc-26-0-0\"  class=\"panel-grid-cell\" ><div id=\"panel-26-0-0-1\" class=\"so-panel widget widget_headline-widget\" data-index=\"1\" >\t\t<h1>La familia, pieza clave<\/h1>\n\t\t<div class=\"decoration\"><div class=\"decoration-inside\"><\/div><\/div>\n\t\t<h3><\/h3>\n\t\t<\/div><div id=\"panel-26-0-0-2\" class=\"so-panel widget widget_sow-editor\" data-index=\"2\" ><div\n\t\t\t\n\t\t\tclass=\"so-widget-sow-editor so-widget-sow-editor-base\"\n\t\t\t\n\t\t>\n<div class=\"siteorigin-widget-tinymce textwidget\">\n\t<p>Los padres son los aut\u00e9nticos protagonistas del proyecto educativo del Club Juvenil Viar. Ellos son los que gobiernan el club a trav\u00e9s de la Junta Directiva, que se re\u00fane cada mes para estudiar la marcha de las actividades, proponer iniciativas, etc.<\/p>\n<\/div>\n<\/div><\/div><div id=\"panel-26-0-0-3\" class=\"so-panel widget widget_sow-accordion panel-last-child\" data-index=\"3\" ><div\n\t\t\t\n\t\t\tclass=\"so-widget-sow-accordion so-widget-sow-accordion-default-b8379082f89d-26\"\n\t\t\t\n\t\t><div>\n\t<div class=\"sow-accordion\">\n\t\t\t<div class=\"sow-accordion-panel\n\t\t\t\t\t\"\n\t\t\t\tdata-anchor-id=\"la-junta-directiva\">\n\t\t\t\t\t<div class=\"sow-accordion-panel-header-container\" role=\"heading\" aria-level=\"2\">\n\t\t\t\t\t<div class=\"sow-accordion-panel-header\" tabindex=\"0\" role=\"button\" id=\"accordion-label-la-junta-directiva\" aria-controls=\"accordion-content-la-junta-directiva\" aria-expanded=\"false\">\n\t\t\t\t\t\t<div class=\"sow-accordion-title sow-accordion-title-icon-left\">\n\t\t\t\t\t\t\t\t\t\t\t\t\t\tLA JUNTA DIRECTIVA\t\t\t\t\t\t\t\t\t\t\t\t\t<\/div>\n\t\t\t\t\t\t<div class=\"sow-accordion-open-close-button\">\n\t\t\t\t\t\t\t<div class=\"sow-accordion-open-button\">\n\t\t\t\t\t\t\t\t<span class=\"sow-icon-ionicons\" data-sow-icon=\"&#xf218;\"\n\t\t \n\t\taria-hidden=\"true\"><\/span>\t\t\t\t\t\t\t<\/div>\n\t\t\t\t\t\t\t<div class=\"sow-accordion-close-button\">\n\t\t\t\t\t\t\t\t<span class=\"sow-icon-ionicons\" data-sow-icon=\"&#xf209;\"\n\t\t \n\t\taria-hidden=\"true\"><\/span>\t\t\t\t\t\t\t<\/div>\n\t\t\t\t\t\t<\/div>\n\t\t\t\t\t<\/div>\n\t\t\t\t<\/div>\n\n\t\t\t<div\n\t\t\t\tclass=\"sow-accordion-panel-content\"\n\t\t\t\trole=\"region\"\n\t\t\t\taria-labelledby=\"accordion-label-la-junta-directiva\"\n\t\t\t\tid=\"accordion-content-la-junta-directiva\"\n\t\t\t\tstyle=\"display: none;\"\t\t\t>\n\t\t\t\t<div class=\"sow-accordion-panel-border\">\n\t\t\t\t\t<p>La Junta Directiva la forman los siguientes componentes:<br \/>\n- Presidente: Carlos Mazuelos<br \/>\n- Secretario: Jes\u00fas Le\u00f3n<br \/>\n- Tesorero: Jos\u00e9 Mar\u00eda Carrasco<br \/>\n- Vocal: Anselmo Garc\u00eda<br \/>\n- Vocal de Juventud: Manuel Jes\u00fas Mart\u00edn<\/p>\n\t\t\t\t<\/div>\n\t\t\t<\/div>\n\t\t<\/div>\n\t\t\t<div class=\"sow-accordion-panel\n\t\t\t\t\t\"\n\t\t\t\tdata-anchor-id=\"normas-de-convivencia-y-protocolo-de-actuacion\">\n\t\t\t\t\t<div class=\"sow-accordion-panel-header-container\" role=\"heading\" aria-level=\"2\">\n\t\t\t\t\t<div class=\"sow-accordion-panel-header\" tabindex=\"0\" role=\"button\" id=\"accordion-label-normas-de-convivencia-y-protocolo-de-actuaci%c3%b3n\" aria-controls=\"accordion-content-normas-de-convivencia-y-protocolo-de-actuaci%c3%b3n\" aria-expanded=\"false\">\n\t\t\t\t\t\t<div class=\"sow-accordion-title sow-accordion-title-icon-left\">\n\t\t\t\t\t\t\t\t\t\t\t\t\t\tNORMAS DE CONVIVENCIA Y PROTOCOLO DE ACTUACI\u00d3N\t\t\t\t\t\t\t\t\t\t\t\t\t<\/div>\n\t\t\t\t\t\t<div class=\"sow-accordion-open-close-button\">\n\t\t\t\t\t\t\t<div class=\"sow-accordion-open-button\">\n\t\t\t\t\t\t\t\t<span class=\"sow-icon-ionicons\" data-sow-icon=\"&#xf218;\"\n\t\t \n\t\taria-hidden=\"true\"><\/span>\t\t\t\t\t\t\t<\/div>\n\t\t\t\t\t\t\t<div class=\"sow-accordion-close-button\">\n\t\t\t\t\t\t\t\t<span class=\"sow-icon-ionicons\" data-sow-icon=\"&#xf209;\"\n\t\t \n\t\taria-hidden=\"true\"><\/span>\t\t\t\t\t\t\t<\/div>\n\t\t\t\t\t\t<\/div>\n\t\t\t\t\t<\/div>\n\t\t\t\t<\/div>\n\n\t\t\t<div\n\t\t\t\tclass=\"sow-accordion-panel-content\"\n\t\t\t\trole=\"region\"\n\t\t\t\taria-labelledby=\"accordion-label-normas-de-convivencia-y-protocolo-de-actuaci%c3%b3n\"\n\t\t\t\tid=\"accordion-content-normas-de-convivencia-y-protocolo-de-actuaci%c3%b3n\"\n\t\t\t\tstyle=\"display: none;\"\t\t\t>\n\t\t\t\t<div class=\"sow-accordion-panel-border\">\n\t\t\t\t\t<p>La Junta Directiva de la Asociaci\u00f3n ha visto oportuno elaborar un documento que a\u00fane todos los aspectos que considera conveniente garantizar para el trato adecuado con todos los socios y familias.<\/p>\n<p>Lo puedes consultar <a href=\"http:\/\/viarnet.org\/wp-content\/uploads\/2019\/11\/NORMATIVA-DE-TRATO-Y-PROTOCOLO-DE-ACTUACION.pdf\">aqu\u00ed<\/a>.<\/p>\n\t\t\t\t<\/div>\n\t\t\t<\/div>\n\t\t<\/div>\n\t\t<\/div>\n<\/div>\n<\/div><\/div><\/div><\/div><\/div><\/div>","protected":false},"excerpt":{"rendered":"<p>Los padres son los aut\u00e9nticos protagonistas del proyecto educativo del Club Juvenil Viar. Ellos son los que gobiernan el club a trav\u00e9s de la Junta Directiva, que se re\u00fane cada [&hellip;]<\/p>\n","protected":false},"author":1,"featured_media":0,"parent":0,"menu_order":2,"comment_status":"closed","ping_status":"closed","template":"home-panels.php","meta":{"ngg_post_thumbnail":0,"footnotes":""},"class_list":["post-26","page","type-page","status-publish","hentry","post"],"yoast_head":"<!-- This site is optimized with the Yoast SEO plugin v27.3 - https:\/\/yoast.com\/product\/yoast-seo-wordpress\/ -->\n<title>La familia, una pieza clave | Club Familiar VIAR<\/title>\n<meta name=\"description\" content=\"Los padres son los aut\u00e9nticos protagonistas del proyecto educativo del Club Juvenil Viar. Ellos son los que gobiernan el club a trav\u00e9s de la Junta\" \/>\n<meta name=\"robots\" content=\"index, follow, max-snippet:-1, max-image-preview:large, max-video-preview:-1\" \/>\n<link rel=\"canonical\" href=\"https:\/\/viarnet.org\/index.php\/la-familia-una-pieza-clave\/\" \/>\n<meta property=\"og:locale\" content=\"es_ES\" \/>\n<meta property=\"og:type\" content=\"article\" \/>\n<meta property=\"og:title\" content=\"La familia, una pieza clave | Club Familiar VIAR\" \/>\n<meta property=\"og:description\" content=\"Los padres son los aut\u00e9nticos protagonistas del proyecto educativo del Club Juvenil Viar. Ellos son los que gobiernan el club a trav\u00e9s de la Junta\" \/>\n<meta property=\"og:url\" content=\"https:\/\/viarnet.org\/index.php\/la-familia-una-pieza-clave\/\" \/>\n<meta property=\"og:site_name\" content=\"VIAR\" \/>\n<meta property=\"article:modified_time\" content=\"2026-04-04T14:11:15+00:00\" \/>\n<meta name=\"twitter:card\" content=\"summary_large_image\" \/>\n<meta name=\"twitter:label1\" content=\"Tiempo de lectura\" \/>\n\t<meta name=\"twitter:data1\" content=\"2 minutos\" \/>\n<script type=\"application\/ld+json\" class=\"yoast-schema-graph\">{\"@context\":\"https:\\\/\\\/schema.org\",\"@graph\":[{\"@type\":\"WebPage\",\"@id\":\"https:\\\/\\\/viarnet.org\\\/index.php\\\/la-familia-una-pieza-clave\\\/\",\"url\":\"https:\\\/\\\/viarnet.org\\\/index.php\\\/la-familia-una-pieza-clave\\\/\",\"name\":\"La familia, una pieza clave | Club Familiar VIAR\",\"isPartOf\":{\"@id\":\"https:\\\/\\\/viarnet.org\\\/#website\"},\"datePublished\":\"2018-11-04T21:22:28+00:00\",\"dateModified\":\"2026-04-04T14:11:15+00:00\",\"description\":\"Los padres son los aut\u00e9nticos protagonistas del proyecto educativo del Club Juvenil Viar. Ellos son los que gobiernan el club a trav\u00e9s de la Junta\",\"breadcrumb\":{\"@id\":\"https:\\\/\\\/viarnet.org\\\/index.php\\\/la-familia-una-pieza-clave\\\/#breadcrumb\"},\"inLanguage\":\"es\",\"potentialAction\":[{\"@type\":\"ReadAction\",\"target\":[\"https:\\\/\\\/viarnet.org\\\/index.php\\\/la-familia-una-pieza-clave\\\/\"]}]},{\"@type\":\"BreadcrumbList\",\"@id\":\"https:\\\/\\\/viarnet.org\\\/index.php\\\/la-familia-una-pieza-clave\\\/#breadcrumb\",\"itemListElement\":[{\"@type\":\"ListItem\",\"position\":1,\"name\":\"Portada\",\"item\":\"https:\\\/\\\/viarnet.org\\\/\"},{\"@type\":\"ListItem\",\"position\":2,\"name\":\"La familia, una pieza clave\"}]},{\"@type\":\"WebSite\",\"@id\":\"https:\\\/\\\/viarnet.org\\\/#website\",\"url\":\"https:\\\/\\\/viarnet.org\\\/\",\"name\":\"VIAR\",\"description\":\"Un centro educativo de car\u00e1cter extraescolar que atuda a las familias en la formaci\u00f3n de sus hijos\",\"publisher\":{\"@id\":\"https:\\\/\\\/viarnet.org\\\/#organization\"},\"potentialAction\":[{\"@type\":\"SearchAction\",\"target\":{\"@type\":\"EntryPoint\",\"urlTemplate\":\"https:\\\/\\\/viarnet.org\\\/?s={search_term_string}\"},\"query-input\":{\"@type\":\"PropertyValueSpecification\",\"valueRequired\":true,\"valueName\":\"search_term_string\"}}],\"inLanguage\":\"es\"},{\"@type\":\"Organization\",\"@id\":\"https:\\\/\\\/viarnet.org\\\/#organization\",\"name\":\"VIAR\",\"url\":\"https:\\\/\\\/viarnet.org\\\/\",\"logo\":{\"@type\":\"ImageObject\",\"inLanguage\":\"es\",\"@id\":\"https:\\\/\\\/viarnet.org\\\/#\\\/schema\\\/logo\\\/image\\\/\",\"url\":\"https:\\\/\\\/viarnet.org\\\/wp-content\\\/uploads\\\/2023\\\/09\\\/LOGO-VIAR-2024.png\",\"contentUrl\":\"https:\\\/\\\/viarnet.org\\\/wp-content\\\/uploads\\\/2023\\\/09\\\/LOGO-VIAR-2024.png\",\"width\":1976,\"height\":1976,\"caption\":\"VIAR\"},\"image\":{\"@id\":\"https:\\\/\\\/viarnet.org\\\/#\\\/schema\\\/logo\\\/image\\\/\"}}]}<\/script>\n<!-- \/ Yoast SEO plugin. -->","yoast_head_json":{"title":"La familia, una pieza clave | Club Familiar VIAR","description":"Los padres son los aut\u00e9nticos protagonistas del proyecto educativo del Club Juvenil Viar. Ellos son los que gobiernan el club a trav\u00e9s de la Junta","robots":{"index":"index","follow":"follow","max-snippet":"max-snippet:-1","max-image-preview":"max-image-preview:large","max-video-preview":"max-video-preview:-1"},"canonical":"https:\/\/viarnet.org\/index.php\/la-familia-una-pieza-clave\/","og_locale":"es_ES","og_type":"article","og_title":"La familia, una pieza clave | Club Familiar VIAR","og_description":"Los padres son los aut\u00e9nticos protagonistas del proyecto educativo del Club Juvenil Viar. Ellos son los que gobiernan el club a trav\u00e9s de la Junta","og_url":"https:\/\/viarnet.org\/index.php\/la-familia-una-pieza-clave\/","og_site_name":"VIAR","article_modified_time":"2026-04-04T14:11:15+00:00","twitter_card":"summary_large_image","twitter_misc":{"Tiempo de lectura":"2 minutos"},"schema":{"@context":"https:\/\/schema.org","@graph":[{"@type":"WebPage","@id":"https:\/\/viarnet.org\/index.php\/la-familia-una-pieza-clave\/","url":"https:\/\/viarnet.org\/index.php\/la-familia-una-pieza-clave\/","name":"La familia, una pieza clave | Club Familiar VIAR","isPartOf":{"@id":"https:\/\/viarnet.org\/#website"},"datePublished":"2018-11-04T21:22:28+00:00","dateModified":"2026-04-04T14:11:15+00:00","description":"Los padres son los aut\u00e9nticos protagonistas del proyecto educativo del Club Juvenil Viar. Ellos son los que gobiernan el club a trav\u00e9s de la Junta","breadcrumb":{"@id":"https:\/\/viarnet.org\/index.php\/la-familia-una-pieza-clave\/#breadcrumb"},"inLanguage":"es","potentialAction":[{"@type":"ReadAction","target":["https:\/\/viarnet.org\/index.php\/la-familia-una-pieza-clave\/"]}]},{"@type":"BreadcrumbList","@id":"https:\/\/viarnet.org\/index.php\/la-familia-una-pieza-clave\/#breadcrumb","itemListElement":[{"@type":"ListItem","position":1,"name":"Portada","item":"https:\/\/viarnet.org\/"},{"@type":"ListItem","position":2,"name":"La familia, una pieza clave"}]},{"@type":"WebSite","@id":"https:\/\/viarnet.org\/#website","url":"https:\/\/viarnet.org\/","name":"VIAR","description":"Un centro educativo de car\u00e1cter extraescolar que atuda a las familias en la formaci\u00f3n de sus hijos","publisher":{"@id":"https:\/\/viarnet.org\/#organization"},"potentialAction":[{"@type":"SearchAction","target":{"@type":"EntryPoint","urlTemplate":"https:\/\/viarnet.org\/?s={search_term_string}"},"query-input":{"@type":"PropertyValueSpecification","valueRequired":true,"valueName":"search_term_string"}}],"inLanguage":"es"},{"@type":"Organization","@id":"https:\/\/viarnet.org\/#organization","name":"VIAR","url":"https:\/\/viarnet.org\/","logo":{"@type":"ImageObject","inLanguage":"es","@id":"https:\/\/viarnet.org\/#\/schema\/logo\/image\/","url":"https:\/\/viarnet.org\/wp-content\/uploads\/2023\/09\/LOGO-VIAR-2024.png","contentUrl":"https:\/\/viarnet.org\/wp-content\/uploads\/2023\/09\/LOGO-VIAR-2024.png","width":1976,"height":1976,"caption":"VIAR"},"image":{"@id":"https:\/\/viarnet.org\/#\/schema\/logo\/image\/"}}]}},"_links":{"self":[{"href":"https:\/\/viarnet.org\/index.php\/wp-json\/wp\/v2\/pages\/26","targetHints":{"allow":["GET"]}}],"collection":[{"href":"https:\/\/viarnet.org\/index.php\/wp-json\/wp\/v2\/pages"}],"about":[{"href":"https:\/\/viarnet.org\/index.php\/wp-json\/wp\/v2\/types\/page"}],"author":[{"embeddable":true,"href":"https:\/\/viarnet.org\/index.php\/wp-json\/wp\/v2\/users\/1"}],"replies":[{"embeddable":true,"href":"https:\/\/viarnet.org\/index.php\/wp-json\/wp\/v2\/comments?post=26"}],"version-history":[{"count":1,"href":"https:\/\/viarnet.org\/index.php\/wp-json\/wp\/v2\/pages\/26\/revisions"}],"predecessor-version":[{"id":4019,"href":"https:\/\/viarnet.org\/index.php\/wp-json\/wp\/v2\/pages\/26\/revisions\/4019"}],"wp:attachment":[{"href":"https:\/\/viarnet.org\/index.php\/wp-json\/wp\/v2\/media?parent=26"}],"curies":[{"name":"wp","href":"https:\/\/api.w.org\/{rel}","templated":true}]}}